{"id":1015,"date":"2018-02-01T16:49:38","date_gmt":"2018-02-01T16:49:38","guid":{"rendered":"http:\/\/nadine.schmuck-dambrosio.de\/?page_id=1015"},"modified":"2025-11-13T21:35:58","modified_gmt":"2025-11-13T21:35:58","slug":"aktuelles-2","status":"publish","type":"page","link":"https:\/\/schmuck-dambrosio.de\/?page_id=1015","title":{"rendered":"Aktuelles"},"content":{"rendered":"<p><\/p><p><\/p><pre><span style=\"color: #000000;\">GALERIE<\/span><span style=\"color: #800000;\"><strong> DREImalDREI<\/strong><\/span><br \/><span style=\"color: #333333;\">Uhlstr. 67<br \/>50321 Br\u00fchl<\/span><br \/><span style=\"color: #800000;\">Mo- Fr 11-18 Uhr, Sa 10-14 Uhr<\/span><br \/><br \/><span style=\"color: #800000;\">Jeden Montag, Mittwoch, Freitag und Samstag bin ich <br \/>f\u00fcr Sie pers\u00f6nlich in der Galerie anwesend!<\/span><br \/><br \/><span style=\"color: #808080;\"><em><span style=\"color: #993300;\">Nadine D'Ambrosio\/Schmuckunikate<br \/>Andre Duront\/Kunstobjekte <\/span>  <br \/>sowie wechselnde Gastaussteller aus den Bereichen <br \/>Malerei, Keramik, Fotografie, Skulpturen u.a.<\/em><\/span><\/pre>\n<h3><span style=\"color: #800000;\">AUSSTELLUNGSTERMINE 2025<\/span><\/h3>\n<p><span style=\"color: #ff9900;\">HOFWEIHNACHT AUF SCHLOSS T\u00dcRNICH<\/span><\/p>\n<p>Freitag \/ Samstag \/Sonntag 5.12. -7.12. \u00a0 \u00a0<\/p>\n<p>Freitag \/Samstag \/ Sonntag 12.12.-14.12.<\/p>\n<p>ge\u00f6ffnet:\u00a0<br \/>Freitag 16-21 Uhr &#8211; Samstag 14-21 Uhr &#8211; So 12-20 Uhr\u00a0<\/p>\n<p>Schloss T\u00fcrnich \u00a0 \u00a0 50169 Kerpen\u00a0<\/p>\n<h3><span style=\"color: #ff9900;\">OFFENE ATELIERS BR\u00dcHL<\/span><\/h3>\n<p>Samstag 10. Mai \u00a0 \u00a0 14-18 Uhr<\/p>\n<p>Sonntag \u00a011. Mai \u00a0 \u00a0 11-18 Uhr<\/p>\n<h3><del><hr \/><\/del><\/h3>\n<h3>\u00a0<\/h3>\n<h3><span style=\"color: #800000;\">AUSSTELLUNGSTERMINE 2024<\/span><\/h3>\n<h3><span style=\"color: #800000;\"><span style=\"color: #ff9900;\">HOFWEIHNACHT auf\u00a0 SCHLOSS T\u00dcRNICH<\/span><\/span><\/h3>\n<p>Freitag 29.11.\/ Samstag 30.11.\/ Sonntag 1.12.<\/p>\n<p>Freitag 6.12.\/ Samstag 7.12.\/ Sonntag 8.12.<\/p>\n<p>Fr 16-21 Uhr \/ Sa 14-21 Uhr \/ So 12-20 Uhr<\/p>\n<p>Schloss T\u00fcrnich 1<\/p>\n<p>50169 Kerpen<\/p>\n<h3><span style=\"color: #ff9900;\">OFFENE ATELIERS BR\u00dcHL<\/span><\/h3>\n<p>Samstag 11.Mai \u00a0 \u00a0 14-18 Uhr<\/p>\n<p>Sonntag 12.Mai \u00a0 \u00a0 11-18 Uhr<\/p>\n<hr \/>\n<h3>\u00a0<\/h3>\n<h3><span style=\"color: #800000;\">AUSSTELLUNGSTERMINE 2023<\/span><\/h3>\n<h3><span style=\"color: #800000;\"><span style=\"color: #ff9900;\">HOFWEIHNACHT auf\u00a0 SCHLOSS T\u00dcRNICH<\/span><\/span><\/h3>\n<p>Freitag 1.12.\/ Samstag 2.12.\/ Sonntag 3.12.<\/p>\n<p>Freitag 8.12.\/ Samstag 9.12.\/ Sonntag 10.12.<\/p>\n<p>Fr 16-21 Uhr \/ Sa 14-21 Uhr \/ So 12-20 Uhr<\/p>\n<p>Schloss T\u00fcrnich 1<\/p>\n<p>50169 Kerpen<\/p>\n<hr \/>\n<h3><span style=\"color: #ff9900;\">HERBSTMARKT auf SCHLOSS EULENBROICH<\/span><\/h3>\n<p>Samstag 7.10. \/ Sonntag 8.10.<\/p>\n<p>Zum Eulenbroicher Auel 19<\/p>\n<p>51503 R\u00f6srath<\/p>\n<hr \/>\n<h3><span style=\"color: #ff9900;\">OFFENE ATELIERS IN BR\u00dcHL<\/span><\/h3>\n<p>Samstag 13.5. \/ So 14.5.23<\/p>\n<p><a href=\"http:\/\/www.ateliers-in-bruehl.de\">http:\/\/www.ateliers-in-bruehl.de<\/a><\/p>\n<hr \/>\n<h3><span style=\"color: #800000;\">AUSSTELLUNGSTERMINE 2022<\/span><\/h3>\n<hr \/>\n<h3><span style=\"color: #ff9900;\">WEIHNACHTSMARKT auf SCHLOSS EULENBROICH<\/span><\/h3>\n<p>Zum Eulenbroicher Auel 19 * 51503 R\u00f6srath<\/p>\n<hr \/>\n<h3><span style=\"color: #800000;\"><span style=\"color: #ff9900;\">HOFWEIHNACHT auf\u00a0 SCHLOSS T\u00dcRNICH<\/span><\/span><\/h3>\n<p>Schloss T\u00fcrnich<\/p>\n<p>50169 Kerpen<\/p>\n<hr \/>\n<p>Samstag 10.9.\/ Sonntag 11.9.2022<\/p>\n<h3><span style=\"color: #ff9900;\">OFFENE ATELIERS BR\u00dcHL<\/span><\/h3>\n<p>Galerie DREImalDREI<\/p>\n<p>Uhlstr. 67 * 50321 Br\u00fchl<\/p>\n<p><a href=\"http:\/\/www.ateliers-in-bruehl.de\">http:\/\/www.ateliers-in-bruehl.de<\/a><\/p>\n<h3>\u00a0<\/h3>\n<h3><span style=\"color: #800000;\">VERGANGENE TERMINE 2021<\/span><\/h3>\n<hr \/>\n<p><span style=\"color: #ff9900;\">HOFWEIHNACHT auf\u00a0 SCHLOSS T\u00dcRNICH<\/span><\/p>\n<p>50169 Kerpen<\/p>\n<hr \/>\n<p>Samstag 11.9.\/ Sonntag 12.9.2021<\/p>\n<p><span style=\"color: #ff9900;\">OFFENE ATELIERS BR\u00dcHL<\/span><\/p>\n<p>Galerie DREImalDREI<\/p>\n<p>Uhlstr. 67 * 50321 Br\u00fchl<\/p>\n<hr \/>\n<p><span style=\"color: #ff9900;\">HERBSTMARKT AUF SCHLOSS EULENBROICH<\/span><\/p>\n<p>Zum Eulenbroicher Auel 19 * 51503 R\u00f6srath<\/p>\n<h3>\u00a0<\/h3>\n<h3><span style=\"color: #800000;\">VERGANGENE TERMINE 2020<\/span><\/h3>\n<hr \/>\n<p><span style=\"color: #ff9900;\">HERBSTMARKT AUF SCHLOSS EULENBROICH<\/span><\/p>\n<p>Zum Eulenbroicher Auel 19 * 51503 R\u00f6srath<\/p>\n<hr \/>\n<p>Samstag 5.9. \/ Sonntag 6.9.2020<\/p>\n<p><span style=\"color: #ff9900;\">OFFENE ATELIERS BR\u00dcHL<\/span><\/p>\n<p>Pop Up Galerie Br\u00fchl<\/p>\n<p>Uhlstr. 64 * 50321 Br\u00fchl\u00a0<\/p>\n<h3><span style=\"color: #800000;\">VERGANGENE TERMINE 2019<\/span><\/h3>\n<hr \/>\n<p>Freitag 13.12. \/ Samstag 14.12. \/ Sonntag 15.12.<\/p>\n<p><span style=\"color: #ff9900;\">UNIKAT-WEIHNACHTSMARKT<\/span><span style=\"color: #ff9900;\"><span style=\"color: #000000;\">* <\/span><\/span><span style=\"color: #ff9900;\"><span style=\"color: #000000;\">Schloss Bensberg<\/span><\/span><\/p>\n<p>Kadettenstr. * 51429 Bergisch-Gladbach<\/p>\n<hr \/>\n<p>Freitag \/ Samstag \/ Sonntag \u00a06.\/7.\/8. Dezember<\/p>\n<p><span style=\"color: #ff9900;\">HOFWEIHNACHT<\/span> * Schloss T\u00fcrnich<\/p>\n<p>Schloss T\u00fcrnich 1 *\u00a050169 Kerpen<\/p>\n<hr \/>\n<p>Freitag \/ Samstag \/ Sonntag \u00a01.\/.2.\/3. November<\/p>\n<p><span style=\"color: #ff6600;\">POPUP SHOWROOM<\/span><\/p>\n<p>Kulinarisches (M. Stermieri), Mode (B. Schnepp-Pesch) ,Schmuck ( N.D&#8217;Ambrosio), Fotografie(S.Hellmich) und Performance (M.Wolter)<\/p>\n<p>Vernissage \u00a0Freitag \u00a0 \u00a0 \u00a0 1.11. \u00a0 \u00a0 \u00a0 19-22 Uhr \u00a0 \u00a0 \u00a0 mit Performance<\/p>\n<p>\u00a0 \u00a0 \u00a0 \u00a0 \u00a0 \u00a0 \u00a0 \u00a0 \u00a0 \u00a0 \u00a0 \u00a0 \u00a0Samstag \u00a0 2.11. \u00a0 \u00a0 \u00a0 14-21 Uhr<\/p>\n<p>\u00a0 \u00a0 \u00a0 \u00a0 \u00a0 \u00a0 \u00a0 \u00a0 \u00a0 \u00a0 \u00a0 \u00a0 \u00a0Sonntag \u00a0 \u00a03.11. \u00a0 \u00a0 \u00a012-18 Uhr<\/p>\n<p>ORT: \u00a0 LOFT im HOF , (Stermieri \/Wolter) , Rolandstr. 63, 50677 K\u00f6ln<\/p>\n<hr \/>\n<p>Samstag 26.10. und Sonntag 27.10. \u00a012-19 Uhr<\/p>\n<p><span style=\"color: #ff9900;\">KUNSTMARKT <span style=\"color: #000000;\">*<\/span>\u00a0<span style=\"color: #000000;\">Bornheim-Sechtem<\/span><\/span><\/p>\n<p><span style=\"color: #33cccc;\">Nadine D&#8217;Ambrosio<\/span> <span style=\"color: #808080;\">Schmuck-Unikate<\/span> &#8211; <span style=\"color: #33cccc;\">Katrin Uhle<\/span> <span style=\"color: #808080;\">Malerei und Dekoration<\/span> &#8211; <span style=\"color: #33cccc;\">Sebastian Herzog-Geddes<\/span> <span style=\"color: #808080;\">Fotografie<\/span> &#8211; \u00a0<span style=\"color: #33cccc;\">Heike Fix<\/span> <span style=\"color: #808080;\">Kosmetik<\/span> &#8211; <span style=\"color: #33cccc;\">Anja Lux und<\/span> <span style=\"color: #33cccc;\">Ruth V\u00f6lker<\/span> <span style=\"color: #808080;\">Unikate mit Stich und Faden<\/span><\/p>\n<p>Katholisches Pfarrheim &#8211; 53332 Bornheim-Sechtem &#8211; Wienerst. 2 A<\/p>\n<hr \/>\n<p>Samstag 5.10. und Sonntag 6.10.<\/p>\n<p><span style=\"color: #ff9900;\">HERBSTMARKT * <span style=\"color: #000000;\">SCHLOSS EULENBROICH<\/span><\/span><\/p>\n<p><span style=\"color: #000000;\">Zum Eulenbroicher\u00a0Auel 19 * 51503 R\u00f6srath<\/span><\/p>\n<hr \/>\n<p>Samstag 7.9. \u00a0 12-18 Uhr<\/p>\n<p><span style=\"color: #ff9900;\">KulT\u00fcr<\/span><\/p>\n<p><span style=\"color: #33cccc;\">Gemeinschaftsausstellung<\/span><\/p>\n<p>GFO-Klostergarten * Klosterstr.2 * 53332 Bornheim-Merten<\/p>\n<p>zum Programm :\u00a0 \u00a0\u00a0<span style=\"color: #ff9900;\"><a style=\"color: #ff9900;\" href=\"https:\/\/nadine.schmuck-dambrosio.de\/wp-content\/uploads\/2019\/08\/Plakat_Merten_Kreativ_A3_2019_Selbstdruck.pdf\"><strong>Plakat Merten\u00a0<\/strong><\/a><\/span><\/p>\n<hr \/>\n<p>Dienstag, 13.8.<\/p>\n<p><span style=\"color: #800000;\"><span style=\"color: #ff9900;\">Tag der Freundin , Damen-Golfturnier\u00a0<\/span><\/span><\/p>\n<p><span style=\"color: #800000;\"><span style=\"color: #ff9900;\"><span style=\"color: #33cccc;\">Gemeinschaftsausstellung mit Micaela Stermieri, Feinkost aus Italien<\/span><\/span><\/span><\/p>\n<p>K\u00fcrten<\/p>\n<hr \/>\n<p>Sonntag, 26.5. \u00a0 \u00a0 12-18 Uhr<\/p>\n<p><span style=\"color: #ff9900;\">&#8230;a small good thing<\/span><\/p>\n<p><span style=\"color: #33cccc;\">Gemeinschaftsausstellung im Atelier f\u00fcr Mode ( B. Schnepp-Pesch )<\/span><\/p>\n<p>Photographie &#8211; italienische Feinkostartikel &#8211; Schmuckunikate &#8211; Mode<\/p>\n<p>Atelier f\u00fcr Mode * Annastr. 9 \u00a0* \u00a050374 Erftstadt<\/p>\n<hr \/>\n<p>Samstag 11.5. \/ Sonntag 12.5.<\/p>\n<p><span style=\"color: #ff9900;\">OFFENE ATELIERS BR\u00dcHL<\/span><\/p>\n<p><span style=\"color: #33cccc;\">Nadine D&#8217;Ambrosio<\/span> <span style=\"color: #999999;\">Schmuck-Unikate<\/span> &#8211; <span style=\"color: #33cccc;\">Sabine Endres<\/span> <span style=\"color: #999999;\">Malerei und<\/span> <span style=\"color: #999999;\">Objektkunst<\/span> &#8211; <span style=\"color: #33cccc;\">Andre Duront<\/span> <span style=\"color: #999999;\">Wohnskulpturen und Raumdesign<\/span><\/p>\n<p><span style=\"color: #ff9900;\">Pop Up Galerie<\/span> * Uhlstr. 64 \u00a0* 50321 Br\u00fchl\u00a0( ehemals Intersport, Fussg\u00e4ngerzone )<\/p>\n<p>Samstag \u00a014-18 Uhr \/ Sonntag \u00a011-18 Uhr<\/p>\n<hr \/>\n<p>Freitag, 5.4. \/ Samstag 6.4. \/ Sonntag 7.4.<\/p>\n<p><span style=\"color: #ff9900;\">FR\u00dcHLINGSMARKT BR\u00dcHL<\/span><\/p>\n<p><span style=\"color: #33cccc;\">Nadine D&#8217;Ambrosio<\/span> <span style=\"color: #999999;\">Schmuck-Unikate<\/span> &#8211; <span style=\"color: #33cccc;\">Sabine Endres<\/span> <span style=\"color: #999999;\">Malerei und<\/span> <span style=\"color: #999999;\">Objektkunst<\/span> &#8211; <span style=\"color: #33cccc;\">Andre Duront<\/span> <span style=\"color: #999999;\">Wohnskulpturen und Raumdesign<\/span><\/p>\n<p>Uhlstr. 64 \u00a0* 50321 Br\u00fchl\u00a0<\/p>\n<p>Freitag \u00a014-18 Uhr \/ Samstag \u00a011-17 Uhr \/ Sonntag \u00a013-17 Uhr<\/p>\n<h4>\u00a0<\/h4>\n<h3><span style=\"color: #800000;\">VERGANGENE TERMINE 2018<\/span><\/h3>\n<hr \/>\n<p>Freitag \/ Samstag \/ Sonntag \u00a07.\/.8.\/9. Dezember<\/p>\n<p><span style=\"color: #ff9900;\">HOFWEIHNACHT<\/span> * Schloss T\u00fcrnich<\/p>\n<p>Schloss T\u00fcrnich 1 *\u00a050169 Kerpen<\/p>\n<hr \/>\n<p>Freitag \/ Samstag \/ Sonntag \u00a014.\/15.\/16. Dezember\u00a0<\/p>\n<p><span style=\"color: #ff9900;\">UNIKAT-WEIHNACHTSMARKT<\/span><span style=\"color: #ff9900;\"><span style=\"color: #000000;\">* <\/span><\/span><span style=\"color: #ff9900;\"><span style=\"color: #000000;\">Schloss Bensberg<\/span><\/span><\/p>\n<p>Kadettenstr. * 51429 Bergisch-Gladbach<\/p>\n<p><a href=\"https:\/\/www.schlossbensberg.com\/de\/angebote\/events-im-hotel\/unikat-weihnachtsmarkt\">https:\/\/www.schlossbensberg.com\/de\/angebote\/events-im-hotel\/unikat-weihnachtsmarkt<\/a><\/p>\n<hr \/>\n<p>Sonntag 11. November \u00a012-16 Uhr<\/p>\n<p><span style=\"color: #ff9900;\"><span style=\"color: #808080;\">KUNSTAUSSTELLUNG \u00a0 \u00a0\u00a0<span style=\"color: #33cccc;\"><strong><em>Art<\/em><\/strong><\/span> verwandt \u00a0\u00a0<\/span><\/span><\/p>\n<p><span style=\"color: #33cccc;\">Nadine D&#8217;Ambrosio<\/span> <span style=\"color: #808080;\">Schmuck-Unikate &#8211;<\/span>\u00a0<span style=\"color: #33cccc;\">Marion van Hasselt<\/span> <span style=\"color: #808080;\">Keramik \u00a0&#8211;\u00a0<span style=\"color: #33cccc;\">Sabine Endres<\/span> Malerei<\/span><\/p>\n<p><span style=\"color: #ff9900;\"><span style=\"color: #000000;\">R\u00f6merhof \u00a0Bornheim * R\u00f6merhof 1, Bornheim-Brenig<\/span><\/span><\/p>\n<hr \/>\n<p><span style=\"color: #ff9900;\"><span style=\"color: #000000;\">Samstag \/ Sonntag \u00a017. \/ 18. November\u00a0 \u00a012-19 \u00a0Uhr <\/span><\/span><\/p>\n<p><span style=\"color: #ff9900;\">KUNSTMARKT <span style=\"color: #000000;\">*<\/span>\u00a0<span style=\"color: #000000;\">Bornheim-Sechtem<\/span><\/span><\/p>\n<p><span style=\"color: #33cccc;\">Nadine D&#8217;Ambrosio<\/span> <span style=\"color: #808080;\">Schmuck-Unikate<\/span> &#8211; <span style=\"color: #33cccc;\">Katrin Uhle<\/span> <span style=\"color: #808080;\">Malerei und Dekoration<\/span> &#8211; <span style=\"color: #33cccc;\">Sebastian Herzog-Geddes<\/span> <span style=\"color: #808080;\">Fotografie<\/span> &#8211; \u00a0<span style=\"color: #33cccc;\">Heike Fix<\/span> <span style=\"color: #808080;\">Kosmetik<\/span> &#8211; <span style=\"color: #33cccc;\">Anja Lux und<\/span> <span style=\"color: #33cccc;\">Ruth V\u00f6lker<\/span> <span style=\"color: #808080;\">Unikate mit Stich und Faden<\/span><\/p>\n<p>Katholisches Pfarrheim &#8211; 53332 Bornheim-Sechtem &#8211; Wienerst. 2 A<\/p>\n<hr \/>\n<p>6. und 7. Oktober\u00a0<\/p>\n<p><span style=\"color: #ff9900;\">HERBSTMARKT * <span style=\"color: #000000;\">SCHLOSS EULENBROICH<\/span><\/span><\/p>\n<p><span style=\"color: #000000;\">Zum Eulenbroicher\u00a0Auel 19 * 51503 R\u00f6srath<\/span><\/p>\n<p>Samstag 11-20 Uhr<\/p>\n<p>Sonntag 11-18 Uhr<\/p>\n<hr \/>\n<p>12. und 13. Mai 2018<\/p>\n<p><span style=\"color: #ff9900;\">TAG DER OFFENEN ATELIERS * <span style=\"color: #000000;\">BR\u00dcHL<\/span><\/span><\/p>\n<p><span style=\"color: #000000;\">zu Gast bei \u00a0<span style=\"color: #ff9900;\"><span style=\"color: #33cccc;\">SABINE ENDRES<\/span>\u00a0<\/span>\u00a0im :<\/span><\/p>\n<p>fachWERK \u00a0* Kirchstr. 5 * 50231 Br\u00fchl<\/p>\n<hr \/>\n<p>24. \u00a0und \u00a025. M\u00e4rz 2018<\/p>\n<p><span style=\"color: #ff9900;\">FR\u00dcHLINGSMARKT<\/span> * \u00a0SCHLOSS PAFFENDORF<\/p>\n<p>Burggasse 1 * 50126 Bergheim<\/p>\n<hr \/>\n<p>17. \u00a0und \u00a018. M\u00e4rz 2018<\/p>\n<p><span style=\"color: #ff9900;\">KUNSTHANDWERKERMARKT<\/span>\u00a0* \u00a0ENGELSHOF<\/p>\n<p>Oberstra\u00dfe 96 * 51149 K\u00f6ln<\/p>\n<hr \/>\n<p><em><span style=\"color: #993300;\">VERGANGENE TERMINE 2017<\/span><\/em><\/p>\n<hr \/>\n<p>15. \/ 16. \/ 17. Dezember<\/p>\n<p>Fr 16-21 Uhr \u00a0\/ Sa 13-21 Uhr \/ So 11-20 Uhr<\/p>\n<p><span style=\"color: #ff9900;\">UNIKAT-WEIHNACHTSMARKT <\/span>* \u00a0Schloss Bensberg<\/p>\n<p>Kadettenstra\u00dfe \u00a0* \u00a051429 Bergisch-Gladbach<\/p>\n<p><a href=\"https:\/\/nadine.schmuck-dambrosio.de\/wp-content\/uploads\/2017\/07\/Plakat.pdf\">Plakat<\/a><\/p>\n<hr \/>\n<p>1. und 2. Adventswochenende<\/p>\n<p><span style=\"color: #ff9900;\">WEIHNACHTSMARKT\u00a0<span style=\"color: #000000;\">* Burg Heimerzheim<\/span><\/span><\/p>\n<p>Swistal-Heimerzheim<\/p>\n<hr \/>\n<p>Sa \u00a018. \/ So 19. November \u00a0 \u00a012.00 &#8211; 19.00 Uhr<\/p>\n<p>KUNST UND HANDWERK \u00a0 * \u00a0 Kath. Pfarrheim<\/p>\n<p>53332 Bornheim-Sechtem<\/p>\n<hr \/>\n<p>Sa 14. \/ So \u00a015. Oktober<\/p>\n<p>HERBSTMARKT * Schloss Paffendorf<\/p>\n<p>Burggasse 1 * \u00a050126 Bergheim<\/p>\n<hr \/>\n<p>Sa 8. \/ So 9. April<\/p>\n<p>FR\u00dcHLINGSMARKT * Schloss Paffendorf<\/p>\n<p>Burggasse 1 * 50126 Bergheim<\/p>\n<pre style=\"text-align: right;\"><span style=\"color: #808080;\"><strong>.<\/strong>..mehr Informationen in K\u00fcrze<\/span><\/pre>","protected":false},"excerpt":{"rendered":"<p>GALERIE DREImalDREIUhlstr. 6750321 Br\u00fchlMo- Fr 11-18 Uhr, Sa 10-14 UhrJeden Montag, Mittwoch, Freitag und Samstag bin ich f\u00fcr Sie pers\u00f6nlich in der Galerie anwesend!Nadine D&#8217;Ambrosio\/SchmuckunikateAndre Duront\/Kunstobjekte sowie wechselnde Gastaussteller aus den Bereichen Malerei, Keramik, Fotografie, Skulpturen u.a. AUSSTELLUNGSTERMINE 2025 HOFWEIHNACHT AUF SCHLOSS T\u00dcRNICH Freitag \/ Samstag \/Sonntag 5.12. -7.12. \u00a0 \u00a0 Freitag \/Samstag \/ Sonntag &hellip; <\/p>\n<p class=\"link-more\"><a href=\"https:\/\/schmuck-dambrosio.de\/?page_id=1015\" class=\"more-link\"><span class=\"screen-reader-text\">\u201eAktuelles\u201c<\/span> weiterlesen<\/a><\/p>\n","protected":false},"author":2,"featured_media":0,"parent":0,"menu_order":0,"comment_status":"closed","ping_status":"closed","template":"","meta":{"footnotes":""},"class_list":["post-1015","page","type-page","status-publish","hentry"],"jetpack_sharing_enabled":true,"_links":{"self":[{"href":"https:\/\/schmuck-dambrosio.de\/index.php?rest_route=\/wp\/v2\/pages\/1015"}],"collection":[{"href":"https:\/\/schmuck-dambrosio.de\/index.php?rest_route=\/wp\/v2\/pages"}],"about":[{"href":"https:\/\/schmuck-dambrosio.de\/index.php?rest_route=\/wp\/v2\/types\/page"}],"author":[{"embeddable":true,"href":"https:\/\/schmuck-dambrosio.de\/index.php?rest_route=\/wp\/v2\/users\/2"}],"replies":[{"embeddable":true,"href":"https:\/\/schmuck-dambrosio.de\/index.php?rest_route=%2Fwp%2Fv2%2Fcomments&post=1015"}],"version-history":[{"count":182,"href":"https:\/\/schmuck-dambrosio.de\/index.php?rest_route=\/wp\/v2\/pages\/1015\/revisions"}],"predecessor-version":[{"id":2261,"href":"https:\/\/schmuck-dambrosio.de\/index.php?rest_route=\/wp\/v2\/pages\/1015\/revisions\/2261"}],"wp:attachment":[{"href":"https:\/\/schmuck-dambrosio.de\/index.php?rest_route=%2Fwp%2Fv2%2Fmedia&parent=1015"}],"curies":[{"name":"wp","href":"https:\/\/api.w.org\/{rel}","templated":true}]}}